{"id":562,"date":"2024-09-25T18:20:35","date_gmt":"2024-09-25T18:20:35","guid":{"rendered":"https:\/\/www.laboratoriobiomed.cl\/?page_id=562"},"modified":"2026-04-24T13:17:09","modified_gmt":"2026-04-24T13:17:09","slug":"profesionales","status":"publish","type":"page","link":"https:\/\/www.laboratoriobiomed.cl\/index.php\/profesionales\/","title":{"rendered":"Profesionales"},"content":{"rendered":"<div class=\"wpb-content-wrapper\"><p>[vc_row][vc_column]<div id=\"ultimate-heading-189969f3853be04f7\" class=\"uvc-heading ult-adjust-bottom-margin ultimate-heading-189969f3853be04f7 uvc-2016  uvc-heading-default-font-sizes\" data-hspacer=\"no_spacer\"  data-halign=\"center\" style=\"text-align:center\"><div class=\"uvc-heading-spacer no_spacer\" style=\"top\"><\/div><div class=\"uvc-main-heading ult-responsive\"  data-ultimate-target='.uvc-heading.ultimate-heading-189969f3853be04f7 h1'  data-responsive-json-new='{\"font-size\":\"\",\"line-height\":\"\"}' ><h1 style=\"font-weight:bold;color:#002856;margin-top:10px;margin-bottom:50px;\">\u00a1Conoce a nuestros especialistas!<\/h1><\/div><\/div>[\/vc_column][\/vc_row][vc_row][vc_column][vc_row_inner content_placement=\u00bbmiddle\u00bb css=\u00bb.vc_custom_1727289294609{margin-top: 50px !important;margin-bottom: 50px !important;}\u00bb][vc_column_inner width=\u00bb1\/3&#8243;][vc_single_image image=\u00bb822&#8243; img_size=\u00bb400&#215;400&#8243; alignment=\u00bbcenter\u00bb css=\u00bb\u00bb][\/vc_column_inner][vc_column_inner width=\u00bb2\/3&#8243;]<div id=\"ultimate-heading-969569f3853be053c\" class=\"uvc-heading ult-adjust-bottom-margin ultimate-heading-969569f3853be053c uvc-4797  uvc-heading-default-font-sizes\" data-hspacer=\"no_spacer\"  data-halign=\"left\" style=\"text-align:left\"><div class=\"uvc-heading-spacer no_spacer\" style=\"top\"><\/div><div class=\"uvc-main-heading ult-responsive\"  data-ultimate-target='.uvc-heading.ultimate-heading-969569f3853be053c h2'  data-responsive-json-new='{\"font-size\":\"\",\"line-height\":\"\"}' ><h2 style=\"font-weight:bold;color:#002856;margin-top:10px;margin-bottom:10px;\">Dr. Ra\u00fal Mansilla Gallardo<\/h2><\/div><div class=\"uvc-sub-heading ult-responsive\"  data-ultimate-target='.uvc-heading.ultimate-heading-969569f3853be053c .uvc-sub-heading '  data-responsive-json-new='{\"font-size\":\"desktop:28px;\",\"line-height\":\"\"}'  style=\"font-weight:bold;color:#a1007d;margin-bottom:30px;\">M\u00e9dico General<\/div><\/div>[vc_column_text css=\u00bb\u00bb]<span style=\"color: #000000;\">Egresado de la Universidad de Concepci\u00f3n, con m\u00e1s de 20 a\u00f1os de experiencia<\/span><\/p>\n<p><span style=\"color: #000000;\"><strong>Convenio:<\/strong> Particular<\/span>[\/vc_column_text]<style type=\"text\/css\" data-type=\"the7_shortcodes-inline-css\">#default-btn-ce86df82ae03c5e69629dbcdb9d3c1c7.ico-right-side > i {\n  margin-right: 0px;\n  margin-left: 8px;\n}\n#default-btn-ce86df82ae03c5e69629dbcdb9d3c1c7 > i {\n  margin-right: 8px;\n}\n<\/style><div class=\"btn-align-left\"><a href=\"https:\/\/8d38a057041999f08f2c133e325c84c029351e63.agenda.softwaremedilink.com\/agenda?modalidad=1\" class=\"default-btn-shortcode dt-btn dt-btn-l link-hover-off  vc_custom_1727449059275\" id=\"default-btn-ce86df82ae03c5e69629dbcdb9d3c1c7\"><i class=\"far fa-calendar\"><\/i><span>\u00a1Agenda ahora!<\/span><\/a><\/div>[\/vc_column_inner][\/vc_row_inner][vc_row_inner content_placement=\u00bbmiddle\u00bb css=\u00bb.vc_custom_1727289294609{margin-top: 50px !important;margin-bottom: 50px !important;}\u00bb][vc_column_inner width=\u00bb1\/3&#8243;][vc_single_image image=\u00bb662&#8243; img_size=\u00bb400&#215;400&#8243; alignment=\u00bbcenter\u00bb css=\u00bb\u00bb][\/vc_column_inner][vc_column_inner width=\u00bb2\/3&#8243;]<div id=\"ultimate-heading-196369f3853be064f\" class=\"uvc-heading ult-adjust-bottom-margin ultimate-heading-196369f3853be064f uvc-4100  uvc-heading-default-font-sizes\" data-hspacer=\"no_spacer\"  data-halign=\"left\" style=\"text-align:left\"><div class=\"uvc-heading-spacer no_spacer\" style=\"top\"><\/div><div class=\"uvc-main-heading ult-responsive\"  data-ultimate-target='.uvc-heading.ultimate-heading-196369f3853be064f h2'  data-responsive-json-new='{\"font-size\":\"\",\"line-height\":\"\"}' ><h2 style=\"font-weight:bold;color:#002856;margin-top:10px;margin-bottom:10px;\">Dr. Rodrigo Ramirez Corsi<\/h2><\/div><div class=\"uvc-sub-heading ult-responsive\"  data-ultimate-target='.uvc-heading.ultimate-heading-196369f3853be064f .uvc-sub-heading '  data-responsive-json-new='{\"font-size\":\"desktop:28px;\",\"line-height\":\"\"}'  style=\"font-weight:bold;color:#a1007d;margin-bottom:30px;\">M\u00e9dico General<\/div><\/div>[vc_column_text css=\u00bb\u00bb]<span style=\"color: #000000;\">Egresado de la Universidad Austral de Chile, con m\u00e1s de 20 a\u00f1os de experiencia<\/span><\/p>\n<p><span style=\"color: #000000;\"><strong>Convenio:<\/strong> Particular<\/span>[\/vc_column_text]<style type=\"text\/css\" data-type=\"the7_shortcodes-inline-css\">#default-btn-27cb0b9ed741ab2b177125eb6a292c9a.ico-right-side > i {\n  margin-right: 0px;\n  margin-left: 8px;\n}\n#default-btn-27cb0b9ed741ab2b177125eb6a292c9a > i {\n  margin-right: 8px;\n}\n<\/style><div class=\"btn-align-left\"><a href=\"https:\/\/8d38a057041999f08f2c133e325c84c029351e63.agenda.softwaremedilink.com\/agenda?modalidad=1\" class=\"default-btn-shortcode dt-btn dt-btn-l link-hover-off  vc_custom_1727454915839\" id=\"default-btn-27cb0b9ed741ab2b177125eb6a292c9a\"><i class=\"far fa-calendar\"><\/i><span>\u00a1Agenda ahora!<\/span><\/a><\/div>[\/vc_column_inner][\/vc_row_inner][vc_row_inner content_placement=\u00bbmiddle\u00bb css=\u00bb.vc_custom_1727289294609{margin-top: 50px !important;margin-bottom: 50px !important;}\u00bb][vc_column_inner width=\u00bb1\/3&#8243;][vc_single_image image=\u00bb699&#8243; img_size=\u00bb400&#215;400&#8243; alignment=\u00bbcenter\u00bb css=\u00bb\u00bb][\/vc_column_inner][vc_column_inner width=\u00bb2\/3&#8243;]<div id=\"ultimate-heading-759669f3853be06c0\" class=\"uvc-heading ult-adjust-bottom-margin ultimate-heading-759669f3853be06c0 uvc-1248  uvc-heading-default-font-sizes\" data-hspacer=\"no_spacer\"  data-halign=\"left\" style=\"text-align:left\"><div class=\"uvc-heading-spacer no_spacer\" style=\"top\"><\/div><div class=\"uvc-main-heading ult-responsive\"  data-ultimate-target='.uvc-heading.ultimate-heading-759669f3853be06c0 h2'  data-responsive-json-new='{\"font-size\":\"\",\"line-height\":\"\"}' ><h2 style=\"font-weight:bold;color:#002856;margin-top:10px;margin-bottom:10px;\">Cesar Cortes<\/h2><\/div><div class=\"uvc-sub-heading ult-responsive\"  data-ultimate-target='.uvc-heading.ultimate-heading-759669f3853be06c0 .uvc-sub-heading '  data-responsive-json-new='{\"font-size\":\"desktop:28px;\",\"line-height\":\"\"}'  style=\"font-weight:bold;color:#a1007d;margin-bottom:30px;\">Nutricionista<\/div><\/div>[vc_column_text css=\u00bb\u00bb]<span style=\"color: #000000;\">Egresado de la Universidad de Chile, con m\u00e1s de 40 a\u00f1os de experiencia<\/span><\/p>\n<p><span style=\"color: #000000;\"><strong>Convenio: <\/strong>Particular<\/span>[\/vc_column_text]<style type=\"text\/css\" data-type=\"the7_shortcodes-inline-css\">#default-btn-8b95c5c6d9d207aa59ef7b1aa690a98d.ico-right-side > i {\n  margin-right: 0px;\n  margin-left: 8px;\n}\n#default-btn-8b95c5c6d9d207aa59ef7b1aa690a98d > i {\n  margin-right: 8px;\n}\n<\/style><div class=\"btn-align-left\"><a href=\"https:\/\/8d38a057041999f08f2c133e325c84c029351e63.agenda.softwaremedilink.com\/agenda?modalidad=1\" class=\"default-btn-shortcode dt-btn dt-btn-l link-hover-off  vc_custom_1727454906574\" id=\"default-btn-8b95c5c6d9d207aa59ef7b1aa690a98d\"><i class=\"far fa-calendar\"><\/i><span>\u00a1Agenda ahora!<\/span><\/a><\/div>[\/vc_column_inner][\/vc_row_inner][vc_row_inner content_placement=\u00bbmiddle\u00bb css=\u00bb.vc_custom_1727289294609{margin-top: 50px !important;margin-bottom: 50px !important;}\u00bb][vc_column_inner width=\u00bb1\/3&#8243;][vc_single_image image=\u00bb600&#8243; img_size=\u00bb400&#215;400&#8243; alignment=\u00bbcenter\u00bb css=\u00bb\u00bb][\/vc_column_inner][vc_column_inner width=\u00bb2\/3&#8243;]<div id=\"ultimate-heading-931569f3853be0722\" class=\"uvc-heading ult-adjust-bottom-margin ultimate-heading-931569f3853be0722 uvc-6814  uvc-heading-default-font-sizes\" data-hspacer=\"no_spacer\"  data-halign=\"left\" style=\"text-align:left\"><div class=\"uvc-heading-spacer no_spacer\" style=\"top\"><\/div><div class=\"uvc-main-heading ult-responsive\"  data-ultimate-target='.uvc-heading.ultimate-heading-931569f3853be0722 h2'  data-responsive-json-new='{\"font-size\":\"\",\"line-height\":\"\"}' ><h2 style=\"font-weight:bold;color:#002856;margin-top:10px;margin-bottom:10px;\">Dr. Julio Rojas Ortega<\/h2><\/div><div class=\"uvc-sub-heading ult-responsive\"  data-ultimate-target='.uvc-heading.ultimate-heading-931569f3853be0722 .uvc-sub-heading '  data-responsive-json-new='{\"font-size\":\"desktop:28px;\",\"line-height\":\"\"}'  style=\"font-weight:bold;color:#a1007d;margin-bottom:30px;\">Ginec\u00f3logo &#8211; Obstetra<\/div><\/div>[vc_column_text css=\u00bb\u00bb]<span style=\"color: #000000;\">Egresado como M\u00e9dico Cirujano de la Universidad Centroccidental Lisandro Alvarado, Venezuela, y con especializaci\u00f3n en Obstetricia y Ginecolog\u00eda por la Universidad de Los Andes. Aprob\u00f3 el Examen \u00danico Nacional de Conocimientos de Medicina. Adem\u00e1s, posee el certificado de especialista en Obstetricia y Ginecolog\u00eda, otorgado por CONACEM.<\/span><\/p>\n<p><span style=\"color: #000000;\"><strong>Con m\u00e1s de 20 a\u00f1os de experiencia<\/strong><\/span><\/p>\n<p><span style=\"color: #000000;\"><strong>Convenio:<\/strong> Particular\u00a0<\/span>[\/vc_column_text]<style type=\"text\/css\" data-type=\"the7_shortcodes-inline-css\">#default-btn-5787f1fa0c52418412de6f250bf55ac6.ico-right-side > i {\n  margin-right: 0px;\n  margin-left: 8px;\n}\n#default-btn-5787f1fa0c52418412de6f250bf55ac6 > i {\n  margin-right: 8px;\n}\n<\/style><div class=\"btn-align-left\"><a href=\"https:\/\/www.doctoralia.cl\/julio-antonio-rojas-ortega\/ginecologo\/puerto-montt#address-id=79754&amp;is-online-only=false&amp;filters%5Bspecializations%5D%5B%5D=44\" class=\"default-btn-shortcode dt-btn dt-btn-l link-hover-off  vc_custom_1727455151033\" id=\"default-btn-5787f1fa0c52418412de6f250bf55ac6\"><i class=\"far fa-calendar\"><\/i><span>\u00a1Agenda ahora!<\/span><\/a><\/div>[\/vc_column_inner][\/vc_row_inner][vc_row_inner content_placement=\u00bbmiddle\u00bb css=\u00bb.vc_custom_1727289294609{margin-top: 50px !important;margin-bottom: 50px !important;}\u00bb][vc_column_inner width=\u00bb1\/3&#8243;][vc_single_image image=\u00bb603&#8243; img_size=\u00bb400&#215;400&#8243; alignment=\u00bbcenter\u00bb css=\u00bb\u00bb][\/vc_column_inner][vc_column_inner width=\u00bb2\/3&#8243;]<div id=\"ultimate-heading-220369f3853be0794\" class=\"uvc-heading ult-adjust-bottom-margin ultimate-heading-220369f3853be0794 uvc-280  uvc-heading-default-font-sizes\" data-hspacer=\"no_spacer\"  data-halign=\"left\" style=\"text-align:left\"><div class=\"uvc-heading-spacer no_spacer\" style=\"top\"><\/div><div class=\"uvc-main-heading ult-responsive\"  data-ultimate-target='.uvc-heading.ultimate-heading-220369f3853be0794 h2'  data-responsive-json-new='{\"font-size\":\"\",\"line-height\":\"\"}' ><h2 style=\"font-weight:bold;color:#002856;margin-top:10px;margin-bottom:10px;\">Dr. Hans Reuter<\/h2><\/div><div class=\"uvc-sub-heading ult-responsive\"  data-ultimate-target='.uvc-heading.ultimate-heading-220369f3853be0794 .uvc-sub-heading '  data-responsive-json-new='{\"font-size\":\"desktop:28px;\",\"line-height\":\"\"}'  style=\"font-weight:bold;color:#a1007d;margin-bottom:30px;\">Radi\u00f3logo<\/div><\/div>[vc_column_text css=\u00bb\u00bb]<span style=\"color: #000000;\">Egresado de la Universidad Austral, con m\u00e1s de 24 a\u00f1os de experiencia<\/span><\/p>\n<p><span style=\"color: #000000;\"><strong>Convenio:<\/strong> Fonasa | Particular<\/span>[\/vc_column_text]<style type=\"text\/css\" data-type=\"the7_shortcodes-inline-css\">#default-btn-6452a64b48680530280a37a6307166ca.ico-right-side > i {\n  margin-right: 0px;\n  margin-left: 8px;\n}\n#default-btn-6452a64b48680530280a37a6307166ca > i {\n  margin-right: 8px;\n}\n<\/style><div class=\"btn-align-left\"><a href=\"https:\/\/wa.me\/962538313\" class=\"default-btn-shortcode dt-btn dt-btn-l link-hover-off  vc_custom_1728581892545\" id=\"default-btn-6452a64b48680530280a37a6307166ca\"><i class=\"far fa-calendar\"><\/i><span>\u00a1Agenda ahora!<\/span><\/a><\/div>[\/vc_column_inner][\/vc_row_inner][\/vc_column][\/vc_row]<\/p>\n<\/div>","protected":false},"excerpt":{"rendered":"<p>[vc_row][vc_column][\/vc_column][\/vc_row][vc_row][vc_column][vc_row_inner content_placement=\u00bbmiddle\u00bb css=\u00bb.vc_custom_1727289294609{margin-top: 50px !important;margin-bottom: 50px !important;}\u00bb][vc_column_inner width=\u00bb1\/3&#8243;][vc_single_image image=\u00bb822&#8243; img_size=\u00bb400&#215;400&#8243; alignment=\u00bbcenter\u00bb css=\u00bb\u00bb][\/vc_column_inner][vc_column_inner width=\u00bb2\/3&#8243;][vc_column_text css=\u00bb\u00bb]Egresado de la Universidad de Concepci\u00f3n, con m\u00e1s de 20 a\u00f1os de experiencia Convenio: Particular[\/vc_column_text][\/vc_column_inner][\/vc_row_inner][vc_row_inner content_placement=\u00bbmiddle\u00bb css=\u00bb.vc_custom_1727289294609{margin-top: 50px !important;margin-bottom: 50px !important;}\u00bb][vc_column_inner width=\u00bb1\/3&#8243;][vc_single_image image=\u00bb662&#8243; img_size=\u00bb400&#215;400&#8243; alignment=\u00bbcenter\u00bb css=\u00bb\u00bb][\/vc_column_inner][vc_column_inner width=\u00bb2\/3&#8243;][vc_column_text css=\u00bb\u00bb]Egresado de la Universidad Austral de Chile, con m\u00e1s de 20 a\u00f1os de experiencia Convenio:&hellip;<\/p>\n","protected":false},"author":1,"featured_media":0,"parent":0,"menu_order":0,"comment_status":"closed","ping_status":"closed","template":"","meta":{"footnotes":""},"class_list":["post-562","page","type-page","status-publish","hentry","description-off"],"yoast_head":"<!-- This site is optimized with the Yoast SEO plugin v25.4 - https:\/\/yoast.com\/wordpress\/plugins\/seo\/ -->\n<title>Profesionales - Biomed Lab<\/title>\n<meta name=\"robots\" content=\"index, follow, max-snippet:-1, max-image-preview:large, max-video-preview:-1\" \/>\n<link rel=\"canonical\" href=\"https:\/\/www.laboratoriobiomed.cl\/index.php\/profesionales\/\" \/>\n<meta property=\"og:locale\" content=\"es_ES\" \/>\n<meta property=\"og:type\" content=\"article\" \/>\n<meta property=\"og:title\" content=\"Profesionales - Biomed Lab\" \/>\n<meta property=\"og:description\" content=\"[vc_row][vc_column][\/vc_column][\/vc_row][vc_row][vc_column][vc_row_inner content_placement=\u00bbmiddle\u00bb css=\u00bb.vc_custom_1727289294609{margin-top: 50px !important;margin-bottom: 50px !important;}\u00bb][vc_column_inner width=\u00bb1\/3&#8243;][vc_single_image image=\u00bb822&#8243; img_size=\u00bb400&#215;400&#8243; alignment=\u00bbcenter\u00bb css=\u00bb\u00bb][\/vc_column_inner][vc_column_inner width=\u00bb2\/3&#8243;][vc_column_text css=\u00bb\u00bb]Egresado de la Universidad de Concepci\u00f3n, con m\u00e1s de 20 a\u00f1os de experiencia Convenio: Particular[\/vc_column_text][\/vc_column_inner][\/vc_row_inner][vc_row_inner content_placement=\u00bbmiddle\u00bb css=\u00bb.vc_custom_1727289294609{margin-top: 50px !important;margin-bottom: 50px !important;}\u00bb][vc_column_inner width=\u00bb1\/3&#8243;][vc_single_image image=\u00bb662&#8243; img_size=\u00bb400&#215;400&#8243; alignment=\u00bbcenter\u00bb css=\u00bb\u00bb][\/vc_column_inner][vc_column_inner width=\u00bb2\/3&#8243;][vc_column_text css=\u00bb\u00bb]Egresado de la Universidad Austral de Chile, con m\u00e1s de 20 a\u00f1os de experiencia Convenio:&hellip;\" \/>\n<meta property=\"og:url\" content=\"https:\/\/www.laboratoriobiomed.cl\/index.php\/profesionales\/\" \/>\n<meta property=\"og:site_name\" content=\"Biomed Lab\" \/>\n<meta property=\"article:modified_time\" content=\"2026-04-24T13:17:09+00:00\" \/>\n<meta name=\"twitter:card\" content=\"summary_large_image\" \/>\n<meta name=\"twitter:label1\" content=\"Tiempo de lectura\" \/>\n\t<meta name=\"twitter:data1\" content=\"3 minutos\" \/>\n<script type=\"application\/ld+json\" class=\"yoast-schema-graph\">{\"@context\":\"https:\/\/schema.org\",\"@graph\":[{\"@type\":\"WebPage\",\"@id\":\"https:\/\/www.laboratoriobiomed.cl\/index.php\/profesionales\/\",\"url\":\"https:\/\/www.laboratoriobiomed.cl\/index.php\/profesionales\/\",\"name\":\"Profesionales - Biomed Lab\",\"isPartOf\":{\"@id\":\"https:\/\/www.laboratoriobiomed.cl\/#website\"},\"datePublished\":\"2024-09-25T18:20:35+00:00\",\"dateModified\":\"2026-04-24T13:17:09+00:00\",\"breadcrumb\":{\"@id\":\"https:\/\/www.laboratoriobiomed.cl\/index.php\/profesionales\/#breadcrumb\"},\"inLanguage\":\"es\",\"potentialAction\":[{\"@type\":\"ReadAction\",\"target\":[\"https:\/\/www.laboratoriobiomed.cl\/index.php\/profesionales\/\"]}]},{\"@type\":\"BreadcrumbList\",\"@id\":\"https:\/\/www.laboratoriobiomed.cl\/index.php\/profesionales\/#breadcrumb\",\"itemListElement\":[{\"@type\":\"ListItem\",\"position\":1,\"name\":\"Portada\",\"item\":\"https:\/\/www.laboratoriobiomed.cl\/\"},{\"@type\":\"ListItem\",\"position\":2,\"name\":\"Profesionales\"}]},{\"@type\":\"WebSite\",\"@id\":\"https:\/\/www.laboratoriobiomed.cl\/#website\",\"url\":\"https:\/\/www.laboratoriobiomed.cl\/\",\"name\":\"Biomed Lab\",\"description\":\"Centro de Diagn\u00f3stico y Laboratorio Cl\u00ednico\",\"potentialAction\":[{\"@type\":\"SearchAction\",\"target\":{\"@type\":\"EntryPoint\",\"urlTemplate\":\"https:\/\/www.laboratoriobiomed.cl\/?s={search_term_string}\"},\"query-input\":{\"@type\":\"PropertyValueSpecification\",\"valueRequired\":true,\"valueName\":\"search_term_string\"}}],\"inLanguage\":\"es\"}]}<\/script>\n<!-- \/ Yoast SEO plugin. -->","yoast_head_json":{"title":"Profesionales - Biomed Lab","robots":{"index":"index","follow":"follow","max-snippet":"max-snippet:-1","max-image-preview":"max-image-preview:large","max-video-preview":"max-video-preview:-1"},"canonical":"https:\/\/www.laboratoriobiomed.cl\/index.php\/profesionales\/","og_locale":"es_ES","og_type":"article","og_title":"Profesionales - Biomed Lab","og_description":"[vc_row][vc_column][\/vc_column][\/vc_row][vc_row][vc_column][vc_row_inner content_placement=\u00bbmiddle\u00bb css=\u00bb.vc_custom_1727289294609{margin-top: 50px !important;margin-bottom: 50px !important;}\u00bb][vc_column_inner width=\u00bb1\/3&#8243;][vc_single_image image=\u00bb822&#8243; img_size=\u00bb400&#215;400&#8243; alignment=\u00bbcenter\u00bb css=\u00bb\u00bb][\/vc_column_inner][vc_column_inner width=\u00bb2\/3&#8243;][vc_column_text css=\u00bb\u00bb]Egresado de la Universidad de Concepci\u00f3n, con m\u00e1s de 20 a\u00f1os de experiencia Convenio: Particular[\/vc_column_text][\/vc_column_inner][\/vc_row_inner][vc_row_inner content_placement=\u00bbmiddle\u00bb css=\u00bb.vc_custom_1727289294609{margin-top: 50px !important;margin-bottom: 50px !important;}\u00bb][vc_column_inner width=\u00bb1\/3&#8243;][vc_single_image image=\u00bb662&#8243; img_size=\u00bb400&#215;400&#8243; alignment=\u00bbcenter\u00bb css=\u00bb\u00bb][\/vc_column_inner][vc_column_inner width=\u00bb2\/3&#8243;][vc_column_text css=\u00bb\u00bb]Egresado de la Universidad Austral de Chile, con m\u00e1s de 20 a\u00f1os de experiencia Convenio:&hellip;","og_url":"https:\/\/www.laboratoriobiomed.cl\/index.php\/profesionales\/","og_site_name":"Biomed Lab","article_modified_time":"2026-04-24T13:17:09+00:00","twitter_card":"summary_large_image","twitter_misc":{"Tiempo de lectura":"3 minutos"},"schema":{"@context":"https:\/\/schema.org","@graph":[{"@type":"WebPage","@id":"https:\/\/www.laboratoriobiomed.cl\/index.php\/profesionales\/","url":"https:\/\/www.laboratoriobiomed.cl\/index.php\/profesionales\/","name":"Profesionales - Biomed Lab","isPartOf":{"@id":"https:\/\/www.laboratoriobiomed.cl\/#website"},"datePublished":"2024-09-25T18:20:35+00:00","dateModified":"2026-04-24T13:17:09+00:00","breadcrumb":{"@id":"https:\/\/www.laboratoriobiomed.cl\/index.php\/profesionales\/#breadcrumb"},"inLanguage":"es","potentialAction":[{"@type":"ReadAction","target":["https:\/\/www.laboratoriobiomed.cl\/index.php\/profesionales\/"]}]},{"@type":"BreadcrumbList","@id":"https:\/\/www.laboratoriobiomed.cl\/index.php\/profesionales\/#breadcrumb","itemListElement":[{"@type":"ListItem","position":1,"name":"Portada","item":"https:\/\/www.laboratoriobiomed.cl\/"},{"@type":"ListItem","position":2,"name":"Profesionales"}]},{"@type":"WebSite","@id":"https:\/\/www.laboratoriobiomed.cl\/#website","url":"https:\/\/www.laboratoriobiomed.cl\/","name":"Biomed Lab","description":"Centro de Diagn\u00f3stico y Laboratorio Cl\u00ednico","potentialAction":[{"@type":"SearchAction","target":{"@type":"EntryPoint","urlTemplate":"https:\/\/www.laboratoriobiomed.cl\/?s={search_term_string}"},"query-input":{"@type":"PropertyValueSpecification","valueRequired":true,"valueName":"search_term_string"}}],"inLanguage":"es"}]}},"_links":{"self":[{"href":"https:\/\/www.laboratoriobiomed.cl\/index.php\/wp-json\/wp\/v2\/pages\/562","targetHints":{"allow":["GET"]}}],"collection":[{"href":"https:\/\/www.laboratoriobiomed.cl\/index.php\/wp-json\/wp\/v2\/pages"}],"about":[{"href":"https:\/\/www.laboratoriobiomed.cl\/index.php\/wp-json\/wp\/v2\/types\/page"}],"author":[{"embeddable":true,"href":"https:\/\/www.laboratoriobiomed.cl\/index.php\/wp-json\/wp\/v2\/users\/1"}],"replies":[{"embeddable":true,"href":"https:\/\/www.laboratoriobiomed.cl\/index.php\/wp-json\/wp\/v2\/comments?post=562"}],"version-history":[{"count":18,"href":"https:\/\/www.laboratoriobiomed.cl\/index.php\/wp-json\/wp\/v2\/pages\/562\/revisions"}],"predecessor-version":[{"id":823,"href":"https:\/\/www.laboratoriobiomed.cl\/index.php\/wp-json\/wp\/v2\/pages\/562\/revisions\/823"}],"wp:attachment":[{"href":"https:\/\/www.laboratoriobiomed.cl\/index.php\/wp-json\/wp\/v2\/media?parent=562"}],"curies":[{"name":"wp","href":"https:\/\/api.w.org\/{rel}","templated":true}]}}